{"id":392,"date":"2020-11-20T08:50:36","date_gmt":"2020-11-20T08:50:36","guid":{"rendered":"http:\/\/ecofin.es\/ElDespertador\/?page_id=392"},"modified":"2020-11-20T12:08:59","modified_gmt":"2020-11-20T12:08:59","slug":"dragones","status":"publish","type":"page","link":"https:\/\/ecofin.es\/ElDespertador\/dragones\/","title":{"rendered":"Dragones"},"content":{"rendered":"\n<div class=\"wp-block-image\"><figure class=\"alignleft size-large is-resized\"><img loading=\"lazy\" src=\"http:\/\/ecofin.es\/ElDespertador\/wp-content\/uploads\/2020\/11\/1_JLMORENO-1024x683.jpg\" alt=\"\" class=\"wp-image-395\" width=\"321\" height=\"214\" srcset=\"https:\/\/ecofin.es\/ElDespertador\/wp-content\/uploads\/2020\/11\/1_JLMORENO-1024x683.jpg 1024w, https:\/\/ecofin.es\/ElDespertador\/wp-content\/uploads\/2020\/11\/1_JLMORENO-300x200.jpg 300w, https:\/\/ecofin.es\/ElDespertador\/wp-content\/uploads\/2020\/11\/1_JLMORENO-768x512.jpg 768w, https:\/\/ecofin.es\/ElDespertador\/wp-content\/uploads\/2020\/11\/1_JLMORENO-1536x1024.jpg 1536w, https:\/\/ecofin.es\/ElDespertador\/wp-content\/uploads\/2020\/11\/1_JLMORENO-2048x1365.jpg 2048w\" sizes=\"(max-width: 321px) 100vw, 321px\" \/><\/figure><\/div>\n\n\n\n<p class=\"has-medium-font-size\"><strong>Jos\u00e9 Luis Moreno Casas<\/strong><\/p>\n\n\n\n<p><strong><em>Director General de Econom\u00eda del Ayuntamiento de Madrid<\/em><\/strong><\/p>\n\n\n\n<p>Licenciado en Ciencias Econ\u00f3micas y Empresariales por la Universidad Pontificia de Comillas. Postgrado en Direcci\u00f3n de Asuntos P\u00fablicos por Mas Consulting y el Centro de Innovaci\u00f3n del Derecho \u2013 ICADE. Programa ejecutivo en Liderazgo P\u00fablico con PwC e IE Business School. Programa de Innovaci\u00f3n en Ciberseguridad &#8211; Deusto Business School. Dirigi\u00f3 desde 2015 hasta 2019 el servicio de Board Advisory en EY Abogados. Ha sido concejal del Ayuntamiento de Madrid (2015-2019), as\u00ed como miembro del Consejo Rector de la Agencia Tributaria de Madrid. Tambi\u00e9n ha sido CFO y Director General de Econom\u00eda y Pol\u00edtica Financiera responsable de la tesorer\u00eda de la Comunidad de Madrid, as\u00ed como miembro del Consejo de Administraci\u00f3n de Metro de Madrid o Avalmadrid SGR, entre otros.<\/p>\n\n\n\n<hr><\/hr>\n\n\n\n<div class=\"wp-block-image\"><figure class=\"alignleft size-large is-resized\"><img loading=\"lazy\" src=\"http:\/\/ecofin.es\/ElDespertador\/wp-content\/uploads\/2020\/11\/2_SMOLINA-1024x683.jpg\" alt=\"\" class=\"wp-image-401\" width=\"324\" height=\"215\" srcset=\"https:\/\/ecofin.es\/ElDespertador\/wp-content\/uploads\/2020\/11\/2_SMOLINA-1024x683.jpg 1024w, https:\/\/ecofin.es\/ElDespertador\/wp-content\/uploads\/2020\/11\/2_SMOLINA-300x200.jpg 300w, https:\/\/ecofin.es\/ElDespertador\/wp-content\/uploads\/2020\/11\/2_SMOLINA-768x512.jpg 768w, https:\/\/ecofin.es\/ElDespertador\/wp-content\/uploads\/2020\/11\/2_SMOLINA-1536x1024.jpg 1536w, https:\/\/ecofin.es\/ElDespertador\/wp-content\/uploads\/2020\/11\/2_SMOLINA-2048x1365.jpg 2048w\" sizes=\"(max-width: 324px) 100vw, 324px\" \/><\/figure><\/div>\n\n\n\n<p class=\"has-medium-font-size\"><strong>Salvador Molina<\/strong><\/p>\n\n\n\n<p><strong><em>Presidente del Foro ECOFIN<\/em><\/strong> <strong><em>y del cl\u00faster Madrid Capital FinTech (MAD FinTech)<\/em><\/strong><\/p>\n\n\n\n<p>Periodista econ\u00f3mico y autor de numerosos libros sobre Econom\u00eda y Management, entre ellos &#8216;Conferenciantes Imprescindibles&#8217; (2020), &#8216;Talentocracia&#8217; o &#8216;Los Imprescindibles del Management&#8217;. Coautor de &#8216;El cubo del L\u00edder&#8217; (2020) y del &#8216;Manual de Felicacia&#8217;. En 2020 ha sido nombrado Mentor Honor\u00edfico de la Red Global de Mentores (Am\u00e9rica-Europa). Es Embajador y Miembro del Consejo Asesor del Centro de Emprendimiento de la Universidad de Alcal\u00e1 de Henares.<\/p>\n\n\n\n<hr><\/hr>\n\n\n\n<div class=\"wp-block-image\"><figure class=\"alignleft size-large is-resized\"><img loading=\"lazy\" src=\"http:\/\/ecofin.es\/ElDespertador\/wp-content\/uploads\/2020\/11\/3_JPMARCO.jpg\" alt=\"\" class=\"wp-image-412\" width=\"293\" height=\"323\"\/><\/figure><\/div>\n\n\n\n<p class=\"has-medium-font-size\"><strong>Javier P\u00e9rez Marco<\/strong><\/p>\n\n\n\n<p><strong><em>Jefe del Departamento de Participaci\u00f3n Empresarial en la Subdirecci\u00f3n General de Promoci\u00f3n Internacional y Participaci\u00f3n Empresarial.<\/em><\/strong><\/p>\n\n\n\n<p>Licenciado en Ciencias Econ\u00f3micas y Empresariales por la Universidad Complutense y MBA por el IESE. Ha trabajado en el sector privado, desarrollando proyectos empresariales industriales y de servicios en Hungr\u00eda, Ucrania y distintos pa\u00edses de Latinoam\u00e9rica, y en el sector p\u00fablico, donde ha sido Jefe de la Secci\u00f3n de Estudios Recaudatorios, adscrita a la Direcci\u00f3n de Servicios de Tributos de la Concejal\u00eda de Hacienda.<\/p>\n\n\n\n<hr><\/hr>\n\n\n\n<div class=\"wp-block-image\"><figure class=\"alignleft size-large is-resized\"><img loading=\"lazy\" src=\"http:\/\/ecofin.es\/ElDespertador\/wp-content\/uploads\/2020\/11\/4_VILLOCH.jpg\" alt=\"\" class=\"wp-image-416\" width=\"290\" height=\"289\" srcset=\"https:\/\/ecofin.es\/ElDespertador\/wp-content\/uploads\/2020\/11\/4_VILLOCH.jpg 742w, https:\/\/ecofin.es\/ElDespertador\/wp-content\/uploads\/2020\/11\/4_VILLOCH-300x300.jpg 300w, https:\/\/ecofin.es\/ElDespertador\/wp-content\/uploads\/2020\/11\/4_VILLOCH-150x150.jpg 150w\" sizes=\"(max-width: 290px) 100vw, 290px\" \/><\/figure><\/div>\n\n\n\n<p class=\"has-medium-font-size\"><strong>Ignacio Villoch<\/strong><\/p>\n\n\n\n<p><strong><em>BBVA Open Innovation<\/em><\/strong><\/p>\n\n\n\n<p>Consultor de Innovaci\u00f3n, Talento y Sostenibilidad, mentor de emprendedores y conferenciante. Ha publicado varias novelas y es profesor invitado en programas de innovaci\u00f3n y transformaci\u00f3n digital de las principales escuelas de negocios. Galardonado con el Premio al Top Social Executive de Espa\u00f1a y Portugal por LinkedIn en 2016 y Positive Change Ambassador por su compromiso con los ODS y la Agenda 2030. Actualmente gestiona la creaci\u00f3n de los ecosistemas FinTech, donde promueve la transformaci\u00f3n digital de la industria financiera a trav\u00e9s de din\u00e1micas de innovaci\u00f3n abierta.<\/p>\n\n\n\n<hr><\/hr>\n\n\n\n<div class=\"wp-block-image\"><figure class=\"alignleft size-large is-resized\"><img loading=\"lazy\" src=\"http:\/\/ecofin.es\/ElDespertador\/wp-content\/uploads\/2020\/11\/5_ACANELA-1024x690.jpg\" alt=\"\" class=\"wp-image-419\" width=\"366\" height=\"248\" srcset=\"https:\/\/ecofin.es\/ElDespertador\/wp-content\/uploads\/2020\/11\/5_ACANELA-1024x690.jpg 1024w, https:\/\/ecofin.es\/ElDespertador\/wp-content\/uploads\/2020\/11\/5_ACANELA-300x202.jpg 300w\" sizes=\"(max-width: 366px) 100vw, 366px\" \/><\/figure><\/div>\n\n\n\n<p class=\"has-medium-font-size\"><strong>Anna Canela Prat<\/strong><\/p>\n\n\n\n<p><strong><em>Head of Engagement en Imagin<\/em><\/strong><\/p>\n\n\n\n<p>Licenciada en Ingenier\u00eda de Caminos, Canales y Puertos por la Universidad Polit\u00e9cnica de Catalu\u00f1a y UNITECH Alumni 2013 (Executive MBA en RWTH Aachen University, Alemania). Actualmente es Head of Engagement en Imagin, el banco mobile de CaixaBank, donde ha liderado proyectos en las \u00e1reas de Negocio, Producto y Comunicaci\u00f3n. <\/p>\n\n\n\n<hr><\/hr>\n\n\n\n<div class=\"wp-block-image\"><figure class=\"alignleft size-large is-resized\"><img loading=\"lazy\" src=\"http:\/\/ecofin.es\/ElDespertador\/wp-content\/uploads\/2020\/11\/6_ABENAVENT.jpg\" alt=\"\" class=\"wp-image-425\" width=\"283\" height=\"283\" srcset=\"https:\/\/ecofin.es\/ElDespertador\/wp-content\/uploads\/2020\/11\/6_ABENAVENT.jpg 229w, https:\/\/ecofin.es\/ElDespertador\/wp-content\/uploads\/2020\/11\/6_ABENAVENT-150x150.jpg 150w\" sizes=\"(max-width: 283px) 100vw, 283px\" \/><\/figure><\/div>\n\n\n\n<p class=\"has-medium-font-size\"><strong>Ana Benavent Peir\u00f3<\/strong><\/p>\n\n\n\n<p><strong><em>Optimization, Improvement and Innovation Director at Valoriza Medioambiente<\/em><\/strong><\/p>\n\n\n\n<p>Directora de Optimizaci\u00f3n, Mejora e Innovaci\u00f3n en Valoriza Servicios Medioambientales, trabaj\u00f3 anteriormente en el departamento de tratamiento de residuos de la compa\u00f1\u00eda. Ingeniera de formaci\u00f3n, posee amplia experiencia internacional en gesti\u00f3n de proyectos en los sectores de agua, gas y residuos s\u00f3lidos, que combina con nuevas habilidades digitales que buscan incorporar progresivamente las nuevas tecnolog\u00edas y su aplicaci\u00f3n a su sector de actividad.<\/p>\n\n\n\n<hr><\/hr>\n\n\n\n<div class=\"wp-block-image\"><figure class=\"alignleft size-large is-resized\"><img loading=\"lazy\" src=\"http:\/\/ecofin.es\/ElDespertador\/wp-content\/uploads\/2020\/11\/7_IGNACIOCEA-1024x702.jpg\" alt=\"\" class=\"wp-image-428\" width=\"318\" height=\"217\" srcset=\"https:\/\/ecofin.es\/ElDespertador\/wp-content\/uploads\/2020\/11\/7_IGNACIOCEA-1024x702.jpg 1024w, https:\/\/ecofin.es\/ElDespertador\/wp-content\/uploads\/2020\/11\/7_IGNACIOCEA-300x206.jpg 300w, https:\/\/ecofin.es\/ElDespertador\/wp-content\/uploads\/2020\/11\/7_IGNACIOCEA-768x527.jpg 768w, https:\/\/ecofin.es\/ElDespertador\/wp-content\/uploads\/2020\/11\/7_IGNACIOCEA-1536x1054.jpg 1536w, https:\/\/ecofin.es\/ElDespertador\/wp-content\/uploads\/2020\/11\/7_IGNACIOCEA-2048x1405.jpg 2048w\" sizes=\"(max-width: 318px) 100vw, 318px\" \/><\/figure><\/div>\n\n\n\n<p class=\"has-medium-font-size\"><strong>Ignacio Cea Forni\u00e9s<\/strong><\/p>\n\n\n\n<p><strong><em>Executive Manager for Cibersecurity and Innovation en Bankia<\/em><\/strong><\/p>\n\n\n\n<p>Ingeniero industrial por la Universidad Polit\u00e9cnica de Madrid (UPM) y M\u00e1ster en Administraci\u00f3n de Empresas por la Escuela de Organizaci\u00f3n Industrial (EOI). Programa de Direcci\u00f3n General por el IESE. Es Ejecutivo senior especializado en la transformaci\u00f3n de organizaciones en los sectores de banca, utilities y consultor\u00eda. Cuenta con m\u00e1s de 25 a\u00f1os de experiencia profesional en empresas como Indra, Iberdrola, IBM, CECA, Grupo Santander y Barclays. En 2012 ingresa en Bankia para liderar su transformaci\u00f3n, inicialmente como Director Corporativo de Tecnolog\u00eda y Operaciones y desde 2015 como Director Corporativo de Innovaci\u00f3n y Ciberseguridad.<\/p>\n\n\n\n<hr><\/hr>\n\n\n\n<div class=\"wp-block-image\"><figure class=\"alignleft size-large is-resized\"><img loading=\"lazy\" src=\"http:\/\/ecofin.es\/ElDespertador\/wp-content\/uploads\/2020\/11\/8_EVASENRA-1024x684.jpg\" alt=\"\" class=\"wp-image-432\" width=\"332\" height=\"220\"\/><\/figure><\/div>\n\n\n\n<p class=\"has-medium-font-size\"><strong>Eva Senra<\/strong><\/p>\n\n\n\n<p><strong><em>Vicerrectora de Econom\u00eda, Emprendimiento y Empleabilidad de la Universidad de Alcal\u00e1<\/em><\/strong><\/p>\n\n\n\n<p>Licenciada en Ciencias Matem\u00e1ticas por la Universidad Complutense de Madrid y Doctora en Econom\u00eda por la Universidad Carlos III de Madrid. Es Vicerrectora de Econom\u00eda, Emprendimiento y Empleabilidad de la Universidad de Alcal\u00e1 y Profesora Titular de M\u00e9todos Cuantitativos para la Econom\u00eda y la Empresa del Departamento de Econom\u00eda. Durante el per\u00edodo 2006-2011 fue vocal Asesor responsable del an\u00e1lisis de coyuntura en la Oficina Econ\u00f3mica del Presidente del Gobierno, llegando a ocupar el cargo de Subdirectora General. En la actualidad colabora con la Fundaci\u00f3n COTEC para la innovaci\u00f3n formando parte de la red \u201cLos 100 de COTEC\u201d en calidad de experta en estad\u00edstica y predicci\u00f3n econ\u00f3mica y participando adem\u00e1s en el proyecto EURITO, financiado por el programa H2020.<\/p>\n\n\n\n<hr><\/hr>\n\n\n\n<div class=\"wp-block-image\"><figure class=\"alignleft size-large is-resized\"><img loading=\"lazy\" src=\"http:\/\/ecofin.es\/ElDespertador\/wp-content\/uploads\/2020\/11\/9_VICTORIAIFEMA-768x1024.jpg\" alt=\"\" class=\"wp-image-436\" width=\"254\" height=\"338\" srcset=\"https:\/\/ecofin.es\/ElDespertador\/wp-content\/uploads\/2020\/11\/9_VICTORIAIFEMA-768x1023.jpg 768w, https:\/\/ecofin.es\/ElDespertador\/wp-content\/uploads\/2020\/11\/9_VICTORIAIFEMA-225x300.jpg 225w, https:\/\/ecofin.es\/ElDespertador\/wp-content\/uploads\/2020\/11\/9_VICTORIAIFEMA-1153x1536.jpg 1153w, https:\/\/ecofin.es\/ElDespertador\/wp-content\/uploads\/2020\/11\/9_VICTORIAIFEMA-1537x2048.jpg 1537w, https:\/\/ecofin.es\/ElDespertador\/wp-content\/uploads\/2020\/11\/9_VICTORIAIFEMA-scaled.jpg 1921w\" sizes=\"(max-width: 254px) 100vw, 254px\" \/><\/figure><\/div>\n\n\n\n<p class=\"has-medium-font-size\"><strong>Victoria Perezagua Ant\u00fanez<\/strong><\/p>\n\n\n\n<p><strong><em>Directora de Relaciones Institucionales de IFEMA<\/em><\/strong><\/p>\n\n\n\n<p>Licenciada en Derecho y Diplomada en Ciencias Empresariales por la Universidad CEU San Pablo, con un m\u00e1ster y m\u00faltiples estudios de posgrado en el \u00e1mbito jur\u00eddico y tributario, ha trabajado en compa\u00f1\u00edas como Ernst&amp;Young, Landwell y Corporaci\u00f3n Empresarial ONCE. Cuenta con m\u00e1s de diez a\u00f1os de experiencia en Relaciones Institucionales, en el \u00e1mbito nacional e internacional. Hasta su incorporaci\u00f3n a IFEMA, hab\u00eda sido Jefe del Departamento de Relaciones Institucionales en el Gabinete de Presidencia y de Relaciones Institucionales e Internacionales de CEOE y Adjunta al Secretario Permanente del Consejo de Empresarios Iberoamericanos-CEIB. <\/p>\n\n\n\n<hr><\/hr>\n\n\n\n<div class=\"wp-block-image\"><figure class=\"alignleft size-large is-resized\"><img loading=\"lazy\" src=\"http:\/\/ecofin.es\/ElDespertador\/wp-content\/uploads\/2020\/11\/10_TIPSA-edited-1.jpg\" alt=\"\" class=\"wp-image-441\" width=\"197\" height=\"295\"\/><\/figure><\/div>\n\n\n\n<p class=\"has-medium-font-size\"><strong>Augusto Abril de Fontcuberta<\/strong><\/p>\n\n\n\n<p><strong><em>Marketing y comunicaci\u00f3n en Tipsa<\/em><\/strong><\/p>\n\n\n\n<p>Publicista y comunicador vocacional con m\u00e1s de 30 a\u00f1os gestionando campa\u00f1as y estrategias para grandes marcas. Tras su paso por multinacionales como 7-Eleven (para Campsa-Repsol), Virgin Records y Virgin Retail Europe, Kodak Consumer Products, fund\u00f3 la agencia de publicidad ARS. Como consultor, aporta su visi\u00f3n al marketing y comunicaci\u00f3n de TIPSA, y desde 2019 compagina esta actividad con su responsabilidad como Socio-Fundador de LACOOOP.<\/p>\n\n\n\n<hr><\/hr>\n\n\n\n<div class=\"wp-block-image\"><figure class=\"alignleft size-large is-resized\"><img loading=\"lazy\" src=\"http:\/\/ecofin.es\/ElDespertador\/wp-content\/uploads\/2020\/11\/11_PASTOR-edited.jpg\" alt=\"\" class=\"wp-image-479\" width=\"243\" height=\"182.25\" srcset=\"https:\/\/ecofin.es\/ElDespertador\/wp-content\/uploads\/2020\/11\/11_PASTOR-edited.jpg 562w, https:\/\/ecofin.es\/ElDespertador\/wp-content\/uploads\/2020\/11\/11_PASTOR-edited-300x225.jpg 300w\" sizes=\"(max-width: 562px) 100vw, 562px\" \/><\/figure><\/div>\n\n\n\n<p class=\"has-medium-font-size\"><strong>Blanca Pastor<\/strong><\/p>\n\n\n\n<p><strong><em>Responsable de Emprendimiento y Coordinadora de E-Global Hub en Camara Madrid.<\/em><\/strong><\/p>\n\n\n\n<p>Desde 2002 forma parte del departamento de emprendedores y creaci\u00f3n de empresas de la C\u00e1mara de Madrid y cuenta con m\u00e1s de 15 a\u00f1os de experiencia asesorando a emprendedores en la Comunidad de Madrid sobre la puesta en marcha de nuevos proyectos empresariales, plan de empresa, b\u00fasqueda de financiaci\u00f3n y ayudas. Hasta 2018 fue responsable del Programa de apoyo Empresarial a las Mujeres (PAEM) que desarrolla la C\u00e1mara de Madrid en colaboraci\u00f3n con la C\u00e1mara de Espa\u00f1a y el Fondo Social Europeo.<\/p>\n\n\n\n<hr><\/hr>\n\n\n\n<div class=\"wp-block-image\"><figure class=\"alignleft size-large is-resized\"><img loading=\"lazy\" src=\"http:\/\/ecofin.es\/ElDespertador\/wp-content\/uploads\/2020\/11\/12_CARMEN-768x1024.jpg\" alt=\"\" class=\"wp-image-446\" width=\"258\" height=\"344\" srcset=\"https:\/\/ecofin.es\/ElDespertador\/wp-content\/uploads\/2020\/11\/12_CARMEN-768x1024.jpg 768w, https:\/\/ecofin.es\/ElDespertador\/wp-content\/uploads\/2020\/11\/12_CARMEN-225x300.jpg 225w, https:\/\/ecofin.es\/ElDespertador\/wp-content\/uploads\/2020\/11\/12_CARMEN-1152x1536.jpg 1152w, https:\/\/ecofin.es\/ElDespertador\/wp-content\/uploads\/2020\/11\/12_CARMEN.jpg 1200w\" sizes=\"(max-width: 258px) 100vw, 258px\" \/><\/figure><\/div>\n\n\n\n<p class=\"has-medium-font-size\"><strong>Carmen M. Garc\u00eda<\/strong><\/p>\n\n\n\n<p><strong><em>Presidenta de Fundaci\u00f3n Woman&#8217;s Week<\/em><\/strong><\/p>\n\n\n\n<p>En la actualidad, preside FWW,&nbsp; la fundaci\u00f3n de la Igualdad. En este desempe\u00f1o, mantiene una relaci\u00f3n muy fluida de colaboraci\u00f3n p\u00fablico-privada con el poder legislativo y ejecutivo, tanto el Gobierno central, como los auton\u00f3micos y ayuntamientos. Su experiencia en Prensa y Publicidad pasa por Europa Press, Telva, Mercado de Riesgos o la revista \u2018Q\u2019, Calidad Tur\u00edstica, de la que fue directora. Tras su paso por la agencia Market Hole, fund\u00f3 su propia agencia de Comunicaci\u00f3n y Marketing en 1995, denominada Hic &amp; Now. Desde esta agencia ha asesorado a empresarios, empresas, asociaciones empresariales, organismos p\u00fablicos y ONGs. Adem\u00e1s, ha creado e impartido numerosos programas de Formaci\u00f3n in company.<\/p>\n\n\n\n<hr><\/hr>\n\n\n\n<div class=\"wp-block-image\"><figure class=\"alignleft size-large is-resized\"><img loading=\"lazy\" src=\"http:\/\/ecofin.es\/ElDespertador\/wp-content\/uploads\/2020\/11\/13_MOISES.jpg\" alt=\"\" class=\"wp-image-449\" width=\"238\" height=\"277\"\/><\/figure><\/div>\n\n\n\n<p class=\"has-medium-font-size\"><strong>Mois\u00e9s Plaza<\/strong><\/p>\n\n\n\n<p><strong><em>Director Gerente del cl\u00faster Madrid Capital FinTech (MAD FinTech)<\/em><\/strong><\/p>\n\n\n\n<p>Licenciado en Derecho, es experto en direcci\u00f3n, coordinaci\u00f3n y puesta en marcha de centrales de compra, dirigiendo iniciativas en sectores como el turismo y la construcci\u00f3n. En los \u00faltimos a\u00f1os ha dirigido, en Espa\u00f1a y Portugal, una sociedad del grupo Bigmat, multinacional de la distribuci\u00f3n presente en 8 pa\u00edses. <\/p>\n\n\n\n<hr><\/hr>\n\n\n\n<div class=\"wp-block-image\"><figure class=\"alignleft size-large is-resized\"><img loading=\"lazy\" src=\"http:\/\/ecofin.es\/ElDespertador\/wp-content\/uploads\/2020\/11\/14_OFELIA-1024x683.jpg\" alt=\"\" class=\"wp-image-456\" width=\"349\" height=\"232\" srcset=\"https:\/\/ecofin.es\/ElDespertador\/wp-content\/uploads\/2020\/11\/14_OFELIA-1024x683.jpg 1024w, https:\/\/ecofin.es\/ElDespertador\/wp-content\/uploads\/2020\/11\/14_OFELIA-300x200.jpg 300w, https:\/\/ecofin.es\/ElDespertador\/wp-content\/uploads\/2020\/11\/14_OFELIA-768x512.jpg 768w, https:\/\/ecofin.es\/ElDespertador\/wp-content\/uploads\/2020\/11\/14_OFELIA.jpg 1536w\" sizes=\"(max-width: 349px) 100vw, 349px\" \/><\/figure><\/div>\n\n\n\n<p class=\"has-medium-font-size\"><strong>Ofelia Santiago<\/strong><\/p>\n\n\n\n<p><strong><em>Santiago Consultores<\/em><\/strong><\/p>\n\n\n\n<p>Licenciada en Filosof\u00eda y Letras, y en Psicolog\u00eda. Cuenta con un M\u00e1ster en Direcci\u00f3n de organizaciones y RRHH. Coach Life y Coach Executive Senior acreditada. PEC Psic\u00f3logo Especialista en Coaching\u00ae acreditada. Consultora asociada de TransformAction, con certificaci\u00f3n internacional CTT\u00ae. Es experta en desarrollo y gesti\u00f3n del capital humano, liderazgo p\u00fablico y pol\u00edtico, coaching, innovaci\u00f3n, gesti\u00f3n del conocimiento y RSC, adem\u00e1s de experta en transformaci\u00f3n de las organizaciones, estrategia empresarial, liderazgo, desarrollo del capital humano y de ecosistemas para la innovaci\u00f3n.<\/p>\n\n\n\n<hr><\/hr>\n\n\n\n<div class=\"wp-block-image\"><figure class=\"alignleft size-large is-resized\"><img loading=\"lazy\" src=\"http:\/\/ecofin.es\/ElDespertador\/wp-content\/uploads\/2020\/11\/15_CRECENTE-682x1024.jpg\" alt=\"\" class=\"wp-image-459\" width=\"219\" height=\"328\" srcset=\"https:\/\/ecofin.es\/ElDespertador\/wp-content\/uploads\/2020\/11\/15_CRECENTE-682x1024.jpg 682w, https:\/\/ecofin.es\/ElDespertador\/wp-content\/uploads\/2020\/11\/15_CRECENTE-200x300.jpg 200w, https:\/\/ecofin.es\/ElDespertador\/wp-content\/uploads\/2020\/11\/15_CRECENTE-768x1152.jpg 768w, https:\/\/ecofin.es\/ElDespertador\/wp-content\/uploads\/2020\/11\/15_CRECENTE.jpg 853w\" sizes=\"(max-width: 219px) 100vw, 219px\" \/><\/figure><\/div>\n\n\n\n<p class=\"has-medium-font-size\"><strong>Fernando Crecente<\/strong><\/p>\n\n\n\n<p><strong><em>Director de la Escuela de Emprendimiento de la Universidad de Alcal\u00e1<\/em><\/strong><\/p>\n\n\n\n<p>Licenciado en Administraci\u00f3n y Direcci\u00f3n de Empresas y en Ciencias Actuariales y Financieras y Doctor en Ciencias Empresariales por la Universidad de Alcal\u00e1. Es director de la Escuela de Emprendimiento de la Universidad de Alcal\u00e1 y profesor del \u00e1rea de Organizaci\u00f3n de empresas del departamento de Econom\u00eda y Direcci\u00f3n de Empresas. Miembro del Instituto de An\u00e1lisis Econ\u00f3mico y Social (IAES) de la Universidad de Alcal\u00e1, donde desarrolla sus tareas de investigaci\u00f3n en los diferentes \u00e1mbitos del emprendimiento. Ha escrito libros y art\u00edculos sobre la financiaci\u00f3n de los emprendedores, el papel del a mujer emprendedora o las diferencias culturas respecto el emprendimiento a lo largo del mundo. <\/p>\n\n\n\n<hr><\/hr>\n\n\n\n<div class=\"wp-block-image\"><figure class=\"alignleft size-large is-resized\"><img loading=\"lazy\" src=\"http:\/\/ecofin.es\/ElDespertador\/wp-content\/uploads\/2020\/11\/16_VITOLA.jpg\" alt=\"\" class=\"wp-image-462\" width=\"290\" height=\"290\" srcset=\"https:\/\/ecofin.es\/ElDespertador\/wp-content\/uploads\/2020\/11\/16_VITOLA.jpg 200w, https:\/\/ecofin.es\/ElDespertador\/wp-content\/uploads\/2020\/11\/16_VITOLA-150x150.jpg 150w\" sizes=\"(max-width: 290px) 100vw, 290px\" \/><\/figure><\/div>\n\n\n\n<p class=\"has-medium-font-size\"><strong>Santiago Vitola<\/strong><\/p>\n\n\n\n<p><strong><em>Presidente de FEPED y director de N+E Business School<\/em><\/strong><\/p>\n\n\n\n<p>Comenz\u00f3 su carrera profesional trabajando en banca, pero tras dos a\u00f1os lo dej\u00f3 para emprender. Estudi\u00f3 un&nbsp;M\u00e1ster en Marketing Digital&nbsp;y tras su finalizaci\u00f3n se ha dedicado a crear y gestionar campa\u00f1as de marketing y redes sociales para diversos clientes. Ha fundado tres empresas: una compa\u00f1\u00eda de organizaci\u00f3n de eventos, una agencia de marketing digital y la escuela de negocios N+E Business School. Es&nbsp;miembro de la mesa de trabajo de Transformaci\u00f3n Digital&nbsp;de APRI (Asociaci\u00f3n de Profesionales de las relaciones institucionales), Mentor Certificado por la Fundaci\u00f3n para el Conocimiento Madrid+D de la Comunidad de Madrid y colaborador habitual en programas de radio y televisi\u00f3n.<\/p>\n\n\n\n<hr><\/hr>\n\n\n\n<div class=\"wp-block-image\"><figure class=\"alignleft size-large is-resized\"><img loading=\"lazy\" src=\"http:\/\/ecofin.es\/ElDespertador\/wp-content\/uploads\/2020\/11\/17_ALLISON.jpg\" alt=\"\" class=\"wp-image-465\" width=\"277\" height=\"278\" srcset=\"https:\/\/ecofin.es\/ElDespertador\/wp-content\/uploads\/2020\/11\/17_ALLISON.jpg 637w, https:\/\/ecofin.es\/ElDespertador\/wp-content\/uploads\/2020\/11\/17_ALLISON-298x300.jpg 298w, https:\/\/ecofin.es\/ElDespertador\/wp-content\/uploads\/2020\/11\/17_ALLISON-150x150.jpg 150w\" sizes=\"(max-width: 277px) 100vw, 277px\" \/><\/figure><\/div>\n\n\n\n<p class=\"has-medium-font-size\"><strong>Allison Castillo Solano<\/strong><\/p>\n\n\n\n<p><strong><em>Directora del Circulo FinTech<\/em><\/strong><\/p>\n\n\n\n<p>Licenciada en Econom\u00eda por la Universidad Europea de Madrid, cuenta con m\u00e1s de 20 a\u00f1os de experiencia en la Direcci\u00f3n de Comunicaci\u00f3n de firmas tecnol\u00f3gicas y en Foro ECOFIN. Ex editora-directora de la revista econ\u00f3mica &#8216;E&#8217;. Es Socia y se encarga de la relaci\u00f3n con Asociados del Cl\u00faster Madrid Capital FinTech (MAD FinTech), adem\u00e1s de gestionar las Relaciones Institucionales y Comerciales en la revista SEGUROS del Colegio de Mediadores de Seguros de Madrid, as\u00ed como las Relaciones con Periodistas y Medios.<\/p>\n\n\n\n<hr><\/hr>\n\n\n\n<div class=\"wp-block-image\"><figure class=\"alignleft size-large is-resized\"><img loading=\"lazy\" src=\"http:\/\/ecofin.es\/ElDespertador\/wp-content\/uploads\/2020\/11\/18_VICALVARO-edited-1.jpg\" alt=\"\" class=\"wp-image-474\" width=\"330\" height=\"247.5\" srcset=\"https:\/\/ecofin.es\/ElDespertador\/wp-content\/uploads\/2020\/11\/18_VICALVARO-edited-1.jpg 355w, https:\/\/ecofin.es\/ElDespertador\/wp-content\/uploads\/2020\/11\/18_VICALVARO-edited-1-300x225.jpg 300w\" sizes=\"(max-width: 355px) 100vw, 355px\" \/><\/figure><\/div>\n\n\n\n<p class=\"has-medium-font-size\"><strong>Francisco Javier Arcos Egea<\/strong><\/p>\n\n\n\n<p><strong><em>Director Factor\u00eda Industrial de Vic\u00e1lvaro<\/em><\/strong><\/p>\n\n\n\n<p>Ingeniero Industrial con especialidad en Organizaci\u00f3n Industrial, es director de Factor\u00eda Industrial de Vic\u00e1lvaro y cuenta con 20 a\u00f1os de experiencia en innovaci\u00f3n y emprendimiento. Es exdirector de la Preincubadora de empresas y del Centro del Conocimiento de la Ingenier\u00eda Industrial del COIIM y exdirector el Centro de Difusi\u00f3n Tecnol\u00f3gica del Metal.<\/p>\n\n\n\n<hr><\/hr>\n","protected":false},"excerpt":{"rendered":"<p>Jos\u00e9 Luis Moreno Casas Director General de Econom\u00eda del Ayuntamiento de Madrid Licenciado en Ciencias Econ\u00f3micas y Empresariales por la Universidad Pontificia de Comillas. Postgrado en Direcci\u00f3n de Asuntos P\u00fablicos por Mas Consulting y el Centro de Innovaci\u00f3n del Derecho \u2013 ICADE. Programa ejecutivo en Liderazgo P\u00fablico con PwC e IE Business School. Programa de<\/p>\n<div><a class=\"btn-filled btn\" href=\"https:\/\/ecofin.es\/ElDespertador\/dragones\/\" title=\"Dragones\">Leer m\u00e1s<\/a><\/div>\n","protected":false},"author":1,"featured_media":0,"parent":0,"menu_order":0,"comment_status":"closed","ping_status":"closed","template":"","meta":[],"_links":{"self":[{"href":"https:\/\/ecofin.es\/ElDespertador\/wp-json\/wp\/v2\/pages\/392"}],"collection":[{"href":"https:\/\/ecofin.es\/ElDespertador\/wp-json\/wp\/v2\/pages"}],"about":[{"href":"https:\/\/ecofin.es\/ElDespertador\/wp-json\/wp\/v2\/types\/page"}],"author":[{"embeddable":true,"href":"https:\/\/ecofin.es\/ElDespertador\/wp-json\/wp\/v2\/users\/1"}],"replies":[{"embeddable":true,"href":"https:\/\/ecofin.es\/ElDespertador\/wp-json\/wp\/v2\/comments?post=392"}],"version-history":[{"count":54,"href":"https:\/\/ecofin.es\/ElDespertador\/wp-json\/wp\/v2\/pages\/392\/revisions"}],"predecessor-version":[{"id":481,"href":"https:\/\/ecofin.es\/ElDespertador\/wp-json\/wp\/v2\/pages\/392\/revisions\/481"}],"wp:attachment":[{"href":"https:\/\/ecofin.es\/ElDespertador\/wp-json\/wp\/v2\/media?parent=392"}],"curies":[{"name":"wp","href":"https:\/\/api.w.org\/{rel}","templated":true}]}}