{"id":25,"date":"2020-10-14T11:48:03","date_gmt":"2020-10-14T11:48:03","guid":{"rendered":"http:\/\/ecofin.es\/ElDespertador\/?page_id=25"},"modified":"2020-10-20T14:10:53","modified_gmt":"2020-10-20T14:10:53","slug":"promotores","status":"publish","type":"page","link":"https:\/\/ecofin.es\/ElDespertador\/promotores\/","title":{"rendered":"Promotores"},"content":{"rendered":"\n<figure class=\"wp-block-image size-large is-resized is-style-rounded\"><img loading=\"lazy\" src=\"http:\/\/ecofin.es\/ElDespertador\/wp-content\/uploads\/2020\/10\/Business-Plan-Templates-7-edited.png\" alt=\"\" class=\"wp-image-153\" width=\"236\" height=\"132\" srcset=\"https:\/\/ecofin.es\/ElDespertador\/wp-content\/uploads\/2020\/10\/Business-Plan-Templates-7-edited.png 1254w, https:\/\/ecofin.es\/ElDespertador\/wp-content\/uploads\/2020\/10\/Business-Plan-Templates-7-edited-300x169.png 300w, https:\/\/ecofin.es\/ElDespertador\/wp-content\/uploads\/2020\/10\/Business-Plan-Templates-7-edited-1024x577.png 1024w, https:\/\/ecofin.es\/ElDespertador\/wp-content\/uploads\/2020\/10\/Business-Plan-Templates-7-edited-768x432.png 768w\" sizes=\"(max-width: 236px) 100vw, 236px\" \/><\/figure>\n\n\n\n<div class=\"wp-block-image\"><figure class=\"aligncenter size-large is-resized\"><a href=\"https:\/\/www.madrid.es\/portales\/munimadrid\/es\/Inicio\/Educacion-y-empleo\/Empleo\/Direcciones-y-telefonos\/Area-de-Gobierno-de-Economia-Innovacion-y-Empleo\/?vgnextfmt=default&amp;vgnextoid=2cb8784e0cc4f010VgnVCM2000000c205a0aRCRD&amp;vgnextchannel=3954c5dee78fe410VgnVCM1000000b205a0aRCRD\"><img loading=\"lazy\" src=\"http:\/\/ecofin.es\/ElDespertador\/wp-content\/uploads\/2020\/10\/firma_madrid_azul_digital-1-edited.png\" alt=\"\" class=\"wp-image-73\" width=\"291\" height=\"80\" srcset=\"https:\/\/ecofin.es\/ElDespertador\/wp-content\/uploads\/2020\/10\/firma_madrid_azul_digital-1-edited.png 740w, https:\/\/ecofin.es\/ElDespertador\/wp-content\/uploads\/2020\/10\/firma_madrid_azul_digital-1-edited-300x83.png 300w, https:\/\/ecofin.es\/ElDespertador\/wp-content\/uploads\/2020\/10\/firma_madrid_azul_digital-1-edited-730x204.png 730w\" sizes=\"(max-width: 291px) 100vw, 291px\" \/><\/a><\/figure><\/div>\n\n\n\n<p class=\"has-text-align-center\">El \u00e1rea de Gobierno de <strong>Econom\u00eda, Innovaci\u00f3n y Empleo <\/strong>tiene como competencias el consumo; comercio; desarrollo empresarial y emprendimiento; atracci\u00f3n econ\u00f3mica exterior e internacionalizaci\u00f3n empresarial; innovaci\u00f3n; fomento del empleo e inserci\u00f3n laboral.<\/p>\n\n\n\n<div class=\"wp-block-image\"><figure class=\"aligncenter size-large is-resized\"><a href=\"https:\/\/ecofin.es\/\"><img loading=\"lazy\" src=\"http:\/\/ecofin.es\/ElDespertador\/wp-content\/uploads\/2020\/10\/LOGO-TRANSPARENTE-1024x434.png\" alt=\"\" class=\"wp-image-95\" width=\"228\" height=\"95\"\/><\/a><\/figure><\/div>\n\n\n\n<p class=\"has-text-align-center\"><strong>FORO ECOFIN<\/strong>&nbsp;es un laboratorio de ideas que agrupa a empresas, asociaciones y escuelas de negocios interesadas en mejorar la gobernanza y el entorno financiero de la econom\u00eda. Plataforma colaborativa interesada en promover el conocimiento y el an\u00e1lisis, las redes de contactos en los negocios, el desarrollo del mundo financiero y mercantil, la gesti\u00f3n \u00e9tica basada en principios y valores de la sociedad y de sus actores principales: entidades financieras, compa\u00f1\u00edas p\u00fablicas y privadas.<\/p>\n\n\n\n<div class=\"wp-block-image\"><figure class=\"aligncenter size-large is-resized\"><a href=\"https:\/\/www.forodeempresaspormadrid.es\/\"><img loading=\"lazy\" src=\"http:\/\/ecofin.es\/ElDespertador\/wp-content\/uploads\/2020\/10\/logo_fem_azul_new.png\" alt=\"\" class=\"wp-image-45\" width=\"159\" height=\"78\"\/><\/a><\/figure><\/div>\n\n\n\n<p class=\"has-text-align-center\">El Foro es una&nbsp;<strong>plataforma colaborativa de planificaci\u00f3n y desarrollo<\/strong>&nbsp;<strong>de proyectos<\/strong>&nbsp;que permite al tejido empresarial contribuir y aportar sus conocimientos, experiencias y tecnolog\u00edas para avanzar en el bien com\u00fan de toda la ciudadan\u00eda, a trav\u00e9s de su colaboraci\u00f3n con el Ayuntamiento de Madrid y sus diferentes \u00c1reas de Gobierno. El Foro es un&nbsp;<strong>ecosistema de empresas<\/strong>, pero sobre todo un lugar donde pueden trabajar junto al Ayuntamiento de Madrid para crear&nbsp;<strong>nuevas relaciones<\/strong>&nbsp;con la ciudad y sus habitantes para mejorar los entornos urbanos.<\/p>\n\n\n\n<div class=\"wp-block-image\"><figure class=\"aligncenter size-large is-resized\"><a href=\"https:\/\/madrid-womans-week.com\/\"><img loading=\"lazy\" src=\"http:\/\/ecofin.es\/ElDespertador\/wp-content\/uploads\/2020\/10\/Logo-FWW-1-1024x231.png\" alt=\"\" class=\"wp-image-70\" width=\"265\" height=\"59\" srcset=\"https:\/\/ecofin.es\/ElDespertador\/wp-content\/uploads\/2020\/10\/Logo-FWW-1-1024x231.png 1024w, https:\/\/ecofin.es\/ElDespertador\/wp-content\/uploads\/2020\/10\/Logo-FWW-1-300x68.png 300w, https:\/\/ecofin.es\/ElDespertador\/wp-content\/uploads\/2020\/10\/Logo-FWW-1-768x173.png 768w, https:\/\/ecofin.es\/ElDespertador\/wp-content\/uploads\/2020\/10\/Logo-FWW-1-1536x347.png 1536w, https:\/\/ecofin.es\/ElDespertador\/wp-content\/uploads\/2020\/10\/Logo-FWW-1.png 1688w\" sizes=\"(max-width: 265px) 100vw, 265px\" \/><\/a><\/figure><\/div>\n\n\n\n<p class=\"has-text-align-center\"><strong>Fundaci\u00f3n Woman\u2019s Week<\/strong>&nbsp;es un foro de pensamiento abierto sobre la MUJER ACTUAL que sit\u00faa sus prioridades en las vindicaciones comunes al mundo de la Mujer, la Igualdad, la Diversidad y el Buen Gobierno mediante Principios y Valores. La Fundaci\u00f3n Woman\u2019s Week es una de las 32 organizaciones oficiales de mujeres dentro del Consejo de Participaci\u00f3n de la Mujer que cre\u00f3 la ministra de Sanidad, Pol\u00edtica Social e Igualdad.<\/p>\n\n\n\n<div class=\"wp-block-image\"><figure class=\"aligncenter size-large is-resized\"><a href=\"https:\/\/www.comunidad.madrid\/transparencia\/unidad-organizativa-responsable\/dg-autonomos\"><img loading=\"lazy\" src=\"http:\/\/ecofin.es\/ElDespertador\/wp-content\/uploads\/2020\/10\/Logotipo_del_Gobierno_de_la_Comunidad_de_Madrid.svg_-788x1024.png\" alt=\"\" class=\"wp-image-94\" width=\"146\" height=\"190\" srcset=\"https:\/\/ecofin.es\/ElDespertador\/wp-content\/uploads\/2020\/10\/Logotipo_del_Gobierno_de_la_Comunidad_de_Madrid.svg_-788x1024.png 788w, https:\/\/ecofin.es\/ElDespertador\/wp-content\/uploads\/2020\/10\/Logotipo_del_Gobierno_de_la_Comunidad_de_Madrid.svg_-231x300.png 231w, https:\/\/ecofin.es\/ElDespertador\/wp-content\/uploads\/2020\/10\/Logotipo_del_Gobierno_de_la_Comunidad_de_Madrid.svg_-768x998.png 768w, https:\/\/ecofin.es\/ElDespertador\/wp-content\/uploads\/2020\/10\/Logotipo_del_Gobierno_de_la_Comunidad_de_Madrid.svg_-1182x1536.png 1182w, https:\/\/ecofin.es\/ElDespertador\/wp-content\/uploads\/2020\/10\/Logotipo_del_Gobierno_de_la_Comunidad_de_Madrid.svg_.png 1200w\" sizes=\"(max-width: 146px) 100vw, 146px\" \/><\/a><\/figure><\/div>\n\n\n\n<p class=\"has-text-align-center\">La <strong>Direcci\u00f3n General de Aut\u00f3nomos de la Comunidad de Madrid<\/strong> posee las competencias previstas en el art\u00edculo 47 de la Ley 1\/1983, de 13 de diciembre, y dem\u00e1s normativa aplicable, y las competencias en materia de promoci\u00f3n e impulso del trabajo aut\u00f3nomo,&nbsp;&nbsp;del emprendimiento y de la econom\u00eda social, as\u00ed como las relativas a la responsabilidad social, sin perjuicio de las atribuidas a la Direcci\u00f3n General de Trabajo.<\/p>\n\n\n\n<div class=\"wp-block-image\"><figure class=\"aligncenter size-large is-resized\"><a href=\"http:\/\/ecofin.es\/MADFinTech\/\"><img loading=\"lazy\" src=\"http:\/\/ecofin.es\/ElDespertador\/wp-content\/uploads\/2020\/10\/MADFINTECH_Logotipo_Gris-sobre-fondo-transparente_300ppp-1024x861.png\" alt=\"\" class=\"wp-image-48\" width=\"143\" height=\"119\" srcset=\"https:\/\/ecofin.es\/ElDespertador\/wp-content\/uploads\/2020\/10\/MADFINTECH_Logotipo_Gris-sobre-fondo-transparente_300ppp-1024x861.png 1024w, https:\/\/ecofin.es\/ElDespertador\/wp-content\/uploads\/2020\/10\/MADFINTECH_Logotipo_Gris-sobre-fondo-transparente_300ppp-300x252.png 300w, https:\/\/ecofin.es\/ElDespertador\/wp-content\/uploads\/2020\/10\/MADFINTECH_Logotipo_Gris-sobre-fondo-transparente_300ppp-768x646.png 768w, https:\/\/ecofin.es\/ElDespertador\/wp-content\/uploads\/2020\/10\/MADFINTECH_Logotipo_Gris-sobre-fondo-transparente_300ppp.png 1411w\" sizes=\"(max-width: 143px) 100vw, 143px\" \/><\/a><\/figure><\/div>\n\n\n\n<p>El cl\u00faster&nbsp;<strong>MADRID CAPITAL FINTECH<\/strong>&nbsp;(MAD FinTech)&nbsp;es una asociaci\u00f3n sin \u00e1nimo de lucro que nace por el impulso del&nbsp;<strong>AYUNTAMIENTO DE MADRID<\/strong>, con el liderazgo del&nbsp;<strong>FORO ECOFIN<\/strong>&nbsp;a trav\u00e9s de su grupo de trabajo&nbsp;<strong>C\u00cdRCULO FINTECH<\/strong>, cuya treintena de compa\u00f1\u00edas se constituyen en socios fundadores del cl\u00faster. MAD FINTECH re\u00fane a empresas mercantiles, entidades financieras, asociaciones, centros de formaci\u00f3n e instituciones, tanto p\u00fablicas como privadas, que desarrollan actividades en el \u00e1rea de Madrid con vocaci\u00f3n global y que se asocian libremente para impulsar el desarrollo del ecosistema FinTech en Madrid y desde Madrid en proyecci\u00f3n internacional.<\/p>\n","protected":false},"excerpt":{"rendered":"<p>El \u00e1rea de Gobierno de Econom\u00eda, Innovaci\u00f3n y Empleo tiene como competencias el consumo; comercio; desarrollo empresarial y emprendimiento; atracci\u00f3n econ\u00f3mica exterior e internacionalizaci\u00f3n empresarial; innovaci\u00f3n; fomento del empleo e inserci\u00f3n laboral. FORO ECOFIN&nbsp;es un laboratorio de ideas que agrupa a empresas, asociaciones y escuelas de negocios interesadas en mejorar la gobernanza y el entorno<\/p>\n<div><a class=\"btn-filled btn\" href=\"https:\/\/ecofin.es\/ElDespertador\/promotores\/\" title=\"Promotores\">Leer m\u00e1s<\/a><\/div>\n","protected":false},"author":1,"featured_media":0,"parent":0,"menu_order":0,"comment_status":"closed","ping_status":"closed","template":"","meta":[],"_links":{"self":[{"href":"https:\/\/ecofin.es\/ElDespertador\/wp-json\/wp\/v2\/pages\/25"}],"collection":[{"href":"https:\/\/ecofin.es\/ElDespertador\/wp-json\/wp\/v2\/pages"}],"about":[{"href":"https:\/\/ecofin.es\/ElDespertador\/wp-json\/wp\/v2\/types\/page"}],"author":[{"embeddable":true,"href":"https:\/\/ecofin.es\/ElDespertador\/wp-json\/wp\/v2\/users\/1"}],"replies":[{"embeddable":true,"href":"https:\/\/ecofin.es\/ElDespertador\/wp-json\/wp\/v2\/comments?post=25"}],"version-history":[{"count":12,"href":"https:\/\/ecofin.es\/ElDespertador\/wp-json\/wp\/v2\/pages\/25\/revisions"}],"predecessor-version":[{"id":267,"href":"https:\/\/ecofin.es\/ElDespertador\/wp-json\/wp\/v2\/pages\/25\/revisions\/267"}],"wp:attachment":[{"href":"https:\/\/ecofin.es\/ElDespertador\/wp-json\/wp\/v2\/media?parent=25"}],"curies":[{"name":"wp","href":"https:\/\/api.w.org\/{rel}","templated":true}]}}